{"id":25,"date":"2025-05-08T16:11:04","date_gmt":"2025-05-08T14:11:04","guid":{"rendered":"https:\/\/nord.humanwirtschaftspartei.de\/?page_id=25"},"modified":"2025-08-20T19:00:07","modified_gmt":"2025-08-20T17:00:07","slug":"willkommen-im-norden","status":"publish","type":"page","link":"https:\/\/nord.humanwirtschaftspartei.de\/","title":{"rendered":"Willkommen im Norden, w\u00e4lkiamen in&#8217;t n\u00f6\u00f6rden !"},"content":{"rendered":"\n<p class=\"has-text-align-center\">Auf der Netzseite der HUMANwirtschaftspartei in den n\u00f6rdlichen Bundesl\u00e4ndern.<\/p>\n\n\n\n<div class=\"wp-block-columns is-layout-flex wp-container-core-columns-is-layout-9d6595d7 wp-block-columns-is-layout-flex\">\n<div class=\"wp-block-column is-layout-flow wp-block-column-is-layout-flow\"><div id=\"metaslider-id-21923\" style=\"max-width: 300px; margin: 0 auto;\" class=\"ml-slider-3-108-0 metaslider metaslider-flex metaslider-21923 ml-slider has-dots-nav ms-theme-default-base\" role=\"region\" aria-label=\"New Slideshow\" data-height=\"300\" data-width=\"300\">\n    <div id=\"metaslider_container_21923\">\n        <div id=\"metaslider_21923\">\n            <ul class='slides'>\n                <li style=\"display: block; width: 100%;\" class=\"slide-21931 ms-image \" aria-roledescription=\"slide\" data-date=\"2025-05-14 21:39:26\" data-filename=\"wap-sa-300x300.jpg\" data-slide-type=\"image\"><a href=\"https:\/\/nord.humanwirtschaftspartei.de\/?page_id=27\" target=\"_self\" aria-label=\"View Slide Details\" class=\"metaslider_image_link\"><img loading=\"lazy\" decoding=\"async\" src=\"https:\/\/nord.humanwirtschaftspartei.de\/wp-content\/uploads\/2025\/05\/wap-sa-300x300.jpg\" height=\"300\" width=\"300\" alt=\"\" class=\"slider-21923 slide-21931 msDefaultImage\" title=\"wap-sa\" \/><\/a><\/li>\n                <li style=\"display: none; width: 100%;\" class=\"slide-21930 ms-image \" aria-roledescription=\"slide\" data-date=\"2025-05-14 21:39:26\" data-filename=\"wap-sh-300x300.jpg\" data-slide-type=\"image\"><a href=\"https:\/\/nord.humanwirtschaftspartei.de\/?page_id=21948\" target=\"_self\" aria-label=\"View Slide Details\" class=\"metaslider_image_link\"><img loading=\"lazy\" decoding=\"async\" src=\"https:\/\/nord.humanwirtschaftspartei.de\/wp-content\/uploads\/2025\/05\/wap-sh-300x300.jpg\" height=\"300\" width=\"300\" alt=\"\" class=\"slider-21923 slide-21930 msDefaultImage\" title=\"wap-sh\" \/><\/a><\/li>\n                <li style=\"display: none; width: 100%;\" class=\"slide-21929 ms-image \" aria-roledescription=\"slide\" data-date=\"2025-05-14 21:39:26\" data-filename=\"wap-ns-300x300.jpg\" data-slide-type=\"image\"><a href=\"https:\/\/nord.humanwirtschaftspartei.de\/?page_id=21944\" target=\"_self\" aria-label=\"View Slide Details\" class=\"metaslider_image_link\"><img loading=\"lazy\" decoding=\"async\" src=\"https:\/\/nord.humanwirtschaftspartei.de\/wp-content\/uploads\/2025\/05\/wap-ns-300x300.jpg\" height=\"300\" width=\"300\" alt=\"\" class=\"slider-21923 slide-21929 msDefaultImage\" title=\"wap-ns\" \/><\/a><\/li>\n                <li style=\"display: none; width: 100%;\" class=\"slide-21928 ms-image \" aria-roledescription=\"slide\" data-date=\"2025-05-14 21:39:25\" data-filename=\"wap-mecpom-300x300.jpg\" data-slide-type=\"image\"><a href=\"https:\/\/nord.humanwirtschaftspartei.de\/?page_id=33\" target=\"_self\" aria-label=\"View Slide Details\" class=\"metaslider_image_link\"><img loading=\"lazy\" decoding=\"async\" src=\"https:\/\/nord.humanwirtschaftspartei.de\/wp-content\/uploads\/2025\/05\/wap-mecpom-300x300.jpg\" height=\"300\" width=\"300\" alt=\"\" class=\"slider-21923 slide-21928 msDefaultImage\" title=\"wap-mecpom\" \/><\/a><\/li>\n                <li style=\"display: none; width: 100%;\" class=\"slide-21932 ms-image \" aria-roledescription=\"slide\" data-date=\"2025-05-14 21:41:10\" data-filename=\"wap-hh-300x300.jpg\" data-slide-type=\"image\"><a href=\"https:\/\/nord.humanwirtschaftspartei.de\/?page_id=29\" target=\"_self\" aria-label=\"View Slide Details\" class=\"metaslider_image_link\"><img loading=\"lazy\" decoding=\"async\" src=\"https:\/\/nord.humanwirtschaftspartei.de\/wp-content\/uploads\/2025\/05\/wap-hh-300x300.jpg\" height=\"300\" width=\"300\" alt=\"\" class=\"slider-21923 slide-21932 msDefaultImage\" title=\"wap-hh\" \/><\/a><\/li>\n                <li style=\"display: none; width: 100%;\" class=\"slide-21933 ms-image \" aria-roledescription=\"slide\" data-date=\"2025-05-14 21:41:21\" data-filename=\"wap-hb-300x300.jpg\" data-slide-type=\"image\"><a href=\"https:\/\/nord.humanwirtschaftspartei.de\/?page_id=31\" target=\"_self\" aria-label=\"View Slide Details\" class=\"metaslider_image_link\"><img loading=\"lazy\" decoding=\"async\" src=\"https:\/\/nord.humanwirtschaftspartei.de\/wp-content\/uploads\/2025\/05\/wap-hb-300x300.jpg\" height=\"300\" width=\"300\" alt=\"\" class=\"slider-21923 slide-21933 msDefaultImage\" title=\"wap-hb\" \/><\/a><\/li>\n            <\/ul>\n        <\/div>\n        \n    <\/div>\n<\/div>\n<\/div>\n\n\n\n<div class=\"wp-block-column is-layout-flow wp-block-column-is-layout-flow\"><div class=\"wp-block-image is-style-rounded\">\n<figure class=\"aligncenter size-full is-resized\"><img loading=\"lazy\" decoding=\"async\" width=\"1560\" height=\"1559\" src=\"https:\/\/nord.humanwirtschaftspartei.de\/wp-content\/uploads\/2025\/08\/1755696776191.png\" alt=\"\" class=\"wp-image-22242\" style=\"aspect-ratio:1;object-fit:cover;width:250px\" srcset=\"https:\/\/nord.humanwirtschaftspartei.de\/wp-content\/uploads\/2025\/08\/1755696776191.png 1560w, https:\/\/nord.humanwirtschaftspartei.de\/wp-content\/uploads\/2025\/08\/1755696776191-300x300.png 300w, https:\/\/nord.humanwirtschaftspartei.de\/wp-content\/uploads\/2025\/08\/1755696776191-1024x1024.png 1024w, https:\/\/nord.humanwirtschaftspartei.de\/wp-content\/uploads\/2025\/08\/1755696776191-150x150.png 150w, https:\/\/nord.humanwirtschaftspartei.de\/wp-content\/uploads\/2025\/08\/1755696776191-768x768.png 768w, https:\/\/nord.humanwirtschaftspartei.de\/wp-content\/uploads\/2025\/08\/1755696776191-120x120.png 120w, https:\/\/nord.humanwirtschaftspartei.de\/wp-content\/uploads\/2025\/08\/1755696776191-1536x1536.png 1536w, https:\/\/nord.humanwirtschaftspartei.de\/wp-content\/uploads\/2025\/08\/1755696776191-1320x1319.png 1320w, https:\/\/nord.humanwirtschaftspartei.de\/wp-content\/uploads\/2025\/08\/1755696776191-250x250.png 250w\" sizes=\"auto, (max-width: 1560px) 100vw, 1560px\" \/><\/figure>\n<\/div><\/div>\n\n\n\n<div class=\"wp-block-column is-layout-flow wp-block-column-is-layout-flow\"><div id=\"metaslider-id-22011\" style=\"max-width: 300px; margin: 0 auto;\" class=\"ml-slider-3-108-0 metaslider metaslider-flex metaslider-22011 ml-slider has-dots-nav ms-theme-default-base\" role=\"region\" aria-label=\"New Slideshow\" data-height=\"300\" data-width=\"300\">\n    <div id=\"metaslider_container_22011\">\n        <div id=\"metaslider_22011\">\n            <ul class='slides'>\n                <li style=\"display: block; width: 100%;\" class=\"slide-22013 ms-image \" aria-roledescription=\"slide\" data-date=\"2025-05-15 18:37:09\" data-filename=\"wap-sh-300x300.jpg\" data-slide-type=\"image\"><a href=\"https:\/\/nord.humanwirtschaftspartei.de\/?page_id=21948\" target=\"_self\" aria-label=\"View Slide Details\" class=\"metaslider_image_link\"><img loading=\"lazy\" decoding=\"async\" src=\"https:\/\/nord.humanwirtschaftspartei.de\/wp-content\/uploads\/2025\/05\/wap-sh-300x300.jpg\" height=\"300\" width=\"300\" alt=\"\" class=\"slider-22011 slide-22013 msDefaultImage\" title=\"wap-sh\" \/><\/a><\/li>\n                <li style=\"display: none; width: 100%;\" class=\"slide-22014 ms-image \" aria-roledescription=\"slide\" data-date=\"2025-05-15 18:37:09\" data-filename=\"wap-ns-300x300.jpg\" data-slide-type=\"image\"><a href=\"https:\/\/nord.humanwirtschaftspartei.de\/?page_id=21944\" target=\"_self\" aria-label=\"View Slide Details\" class=\"metaslider_image_link\"><img loading=\"lazy\" decoding=\"async\" src=\"https:\/\/nord.humanwirtschaftspartei.de\/wp-content\/uploads\/2025\/05\/wap-ns-300x300.jpg\" height=\"300\" width=\"300\" alt=\"\" class=\"slider-22011 slide-22014 msDefaultImage\" title=\"wap-ns\" \/><\/a><\/li>\n                <li style=\"display: none; width: 100%;\" class=\"slide-22012 ms-image \" aria-roledescription=\"slide\" data-date=\"2025-05-15 18:37:09\" data-filename=\"wap-sa-300x300.jpg\" data-slide-type=\"image\"><a href=\"https:\/\/nord.humanwirtschaftspartei.de\/?page_id=27\" target=\"_self\" aria-label=\"View Slide Details\" class=\"metaslider_image_link\"><img loading=\"lazy\" decoding=\"async\" src=\"https:\/\/nord.humanwirtschaftspartei.de\/wp-content\/uploads\/2025\/05\/wap-sa-300x300.jpg\" height=\"300\" width=\"300\" alt=\"\" class=\"slider-22011 slide-22012 msDefaultImage\" title=\"wap-sa\" \/><\/a><\/li>\n                <li style=\"display: none; width: 100%;\" class=\"slide-22015 ms-image \" aria-roledescription=\"slide\" data-date=\"2025-05-15 18:37:10\" data-filename=\"wap-mecpom-300x300.jpg\" data-slide-type=\"image\"><a href=\"https:\/\/nord.humanwirtschaftspartei.de\/?page_id=33\" target=\"_self\" aria-label=\"View Slide Details\" class=\"metaslider_image_link\"><img loading=\"lazy\" decoding=\"async\" src=\"https:\/\/nord.humanwirtschaftspartei.de\/wp-content\/uploads\/2025\/05\/wap-mecpom-300x300.jpg\" height=\"300\" width=\"300\" alt=\"\" class=\"slider-22011 slide-22015 msDefaultImage\" title=\"wap-mecpom\" \/><\/a><\/li>\n                <li style=\"display: none; width: 100%;\" class=\"slide-22016 ms-image \" aria-roledescription=\"slide\" data-date=\"2025-05-15 18:37:10\" data-filename=\"wap-hh-300x300.jpg\" data-slide-type=\"image\"><a href=\"https:\/\/nord.humanwirtschaftspartei.de\/?page_id=29\" target=\"_self\" aria-label=\"View Slide Details\" class=\"metaslider_image_link\"><img loading=\"lazy\" decoding=\"async\" src=\"https:\/\/nord.humanwirtschaftspartei.de\/wp-content\/uploads\/2025\/05\/wap-hh-300x300.jpg\" height=\"300\" width=\"300\" alt=\"\" class=\"slider-22011 slide-22016 msDefaultImage\" title=\"wap-hh\" \/><\/a><\/li>\n                <li style=\"display: none; width: 100%;\" class=\"slide-22017 ms-image \" aria-roledescription=\"slide\" data-date=\"2025-05-15 18:37:10\" data-filename=\"wap-hb-300x300.jpg\" data-slide-type=\"image\"><a href=\"https:\/\/nord.humanwirtschaftspartei.de\/?page_id=31\" target=\"_self\" aria-label=\"View Slide Details\" class=\"metaslider_image_link\"><img loading=\"lazy\" decoding=\"async\" src=\"https:\/\/nord.humanwirtschaftspartei.de\/wp-content\/uploads\/2025\/05\/wap-hb-300x300.jpg\" height=\"300\" width=\"300\" alt=\"\" class=\"slider-22011 slide-22017 msDefaultImage\" title=\"wap-hb\" \/><\/a><\/li>\n            <\/ul>\n        <\/div>\n        \n    <\/div>\n<\/div>\n<\/div>\n<\/div>\n\n\n\n<figure class=\"wp-block-image size-full\"><img loading=\"lazy\" decoding=\"async\" width=\"966\" height=\"156\" src=\"https:\/\/nord.humanwirtschaftspartei.de\/wp-content\/uploads\/2025\/05\/Schriftzug-Gemeinwohl-Egoismus-Render-Linien_gruen-1.png\" alt=\"\" class=\"wp-image-22117\" srcset=\"https:\/\/nord.humanwirtschaftspartei.de\/wp-content\/uploads\/2025\/05\/Schriftzug-Gemeinwohl-Egoismus-Render-Linien_gruen-1.png 966w, https:\/\/nord.humanwirtschaftspartei.de\/wp-content\/uploads\/2025\/05\/Schriftzug-Gemeinwohl-Egoismus-Render-Linien_gruen-1-300x48.png 300w, https:\/\/nord.humanwirtschaftspartei.de\/wp-content\/uploads\/2025\/05\/Schriftzug-Gemeinwohl-Egoismus-Render-Linien_gruen-1-768x124.png 768w\" sizes=\"auto, (max-width: 966px) 100vw, 966px\" \/><\/figure>\n\n\n\n<p><\/p>\n\n\n\n<hr class=\"wp-block-separator has-css-opacity is-style-default\"\/>\n\n\n<div class=\"wp-block-image\">\n<figure class=\"aligncenter size-large\"><a href=\"https:\/\/nord.humanwirtschaftspartei.de\/?page_id=21821\"><img loading=\"lazy\" decoding=\"async\" width=\"1024\" height=\"201\" src=\"https:\/\/nord.humanwirtschaftspartei.de\/wp-content\/uploads\/2025\/05\/1747589945579-1024x201.png\" alt=\"\" class=\"wp-image-22047\" srcset=\"https:\/\/nord.humanwirtschaftspartei.de\/wp-content\/uploads\/2025\/05\/1747589945579-1024x201.png 1024w, https:\/\/nord.humanwirtschaftspartei.de\/wp-content\/uploads\/2025\/05\/1747589945579-300x59.png 300w, https:\/\/nord.humanwirtschaftspartei.de\/wp-content\/uploads\/2025\/05\/1747589945579-768x151.png 768w, https:\/\/nord.humanwirtschaftspartei.de\/wp-content\/uploads\/2025\/05\/1747589945579-1536x302.png 1536w, https:\/\/nord.humanwirtschaftspartei.de\/wp-content\/uploads\/2025\/05\/1747589945579-2048x402.png 2048w, https:\/\/nord.humanwirtschaftspartei.de\/wp-content\/uploads\/2025\/05\/1747589945579-1320x259.png 1320w\" sizes=\"auto, (max-width: 1024px) 100vw, 1024px\" \/><\/a><\/figure>\n<\/div>\n\n<ul class=\"wp-block-latest-posts__list is-grid columns-3 has-dates has-author aligncenter wp-block-latest-posts\"><li><a class=\"wp-block-latest-posts__post-title\" href=\"https:\/\/nord.humanwirtschaftspartei.de\/?p=22352\">Aktuelle Friedensveranstaltungen im Norden<\/a><div class=\"wp-block-latest-posts__post-author\">von Web Master<\/div><time datetime=\"2026-03-28T08:44:00+01:00\" class=\"wp-block-latest-posts__post-date\">28. M\u00e4rz 2026<\/time><div class=\"wp-block-latest-posts__post-excerpt\">Osterm\u00e4rsche und Friedensveranstaltungen 2026 \u2013 Norddeutschland Zeitraum: 3.\u20136. April 2026 (Karfreitag bis Ostermontag) sowie erg\u00e4nzende Aktionen im April\/Mai. Niedersachsen Hannover: Sa, 4. April, 11:00 Uhr &hellip; <\/div><\/li>\n<li><a class=\"wp-block-latest-posts__post-title\" href=\"https:\/\/nord.humanwirtschaftspartei.de\/?p=22344\">Kl\u00f6nschnack in Springe \/ neues Flugblatt<\/a><div class=\"wp-block-latest-posts__post-author\">von Redaktion Nord<\/div><time datetime=\"2026-03-27T10:17:23+01:00\" class=\"wp-block-latest-posts__post-date\">27. M\u00e4rz 2026<\/time><div class=\"wp-block-latest-posts__post-excerpt\">Am 7. M\u00e4rz kamen in der ehemaligen Kreisstadt Springe am Deister im Calenberger Land eine kleine Runde von Freiwirten zu einem Kl\u00f6nschnack mit Kaffee\/Tee und &hellip; <\/div><\/li>\n<li><a class=\"wp-block-latest-posts__post-title\" href=\"https:\/\/nord.humanwirtschaftspartei.de\/?p=22340\">L\u00fcneburger Wochen gegen Rassismus 2026 \u2013 F\u00fcr eine offene Gesellschaft<\/a><div class=\"wp-block-latest-posts__post-author\">von Redaktion Nord<\/div><time datetime=\"2026-03-09T13:55:20+01:00\" class=\"wp-block-latest-posts__post-date\">9. M\u00e4rz 2026<\/time><div class=\"wp-block-latest-posts__post-excerpt\">Im Rahmen der L\u00fcneburger Wochen gegen Rassismus finden vom 09. bis zum 29. M\u00e4rz 2026 in der Salzstadt und Umgebung wieder viele Veranstaltungen, wie z. &hellip; <\/div><\/li>\n<\/ul>\n\n<style id=\"sp_testimonial_dynamic_css22090\">#sp-testimonial-free-wrapper-22090 .sp-testimonial-free-section .testimonial-pagination span.swiper-pagination-bullet{background: #cccccc;}#sp-testimonial-free-wrapper-22090 .sp-testimonial-free-section .testimonial-pagination span.swiper-pagination-bullet.swiper-pagination-bullet-active{background: #1595ce;} #sp-testimonial-free-wrapper-22090 .sp-testimonial-free-section .testimonial-nav-arrow{background: transparent;border: 1px solid #777777;color: #777777;}#sp-testimonial-free-wrapper-22090 .sp-testimonial-free-section .testimonial-nav-arrow:hover {background: #1595CE;border-color: #1595CE;color: #ffffff;}#sp-testimonial-free-wrapper-22090 .sp-testimonial-free-section{margin: 0 50px;}#sp-testimonial-free-wrapper-22090 .sp-testimonial-free-section{margin-bottom: 50px;}#sp-testimonial-free-wrapper-22090 .sp-testimonial-free-section .sp-testimonial-client-image img {background: #ffffff;border: 0px solid #dddddd;padding: 0px;}#sp-testimonial-free-wrapper-22090 .sp-testimonial-free-section .sp-testimonial-client-image {text-align: center;}#sp-testimonial-free-wrapper-22090 .sp-testimonial-free-section .sp-testimonial-client-rating{ display: inline-flex; gap: 2px;}#sp-testimonial-free-wrapper-22090 .sp-testimonial-free-section .sp-testimonial-client-rating i.fa{ color: #bbc2c7; font-size: 19px;}#sp-testimonial-free-wrapper-22090 .sp-testimonial-free-section .sp-testimonial-client-rating i.fa-star{color: #ffb900;}#sp-testimonial-free-wrapper-22090 .sp-testimonial-free-section .sp-testimonial-client-designation{color: #444444;}#sp-testimonial-free-wrapper-22090 .sp-testimonial-free-section .sp-testimonial-client-name{color: #333333;}#sp-testimonial-free-wrapper-22090 .sp-testimonial-free-section .sp-testimonial-client-testimonial{color: #333333;}#sp-testimonial-free-wrapper-22090 .sp-testimonial-free-section .sp-testimonial-title .sp-testimonial-post-title{color: #333333;}#sp-testimonial-free-wrapper-22090 .sp-testimonial-free {background : transparent;border: 0px solid #e3e3e3;border-radius: 0px;}<\/style><div id=\"sp-testimonial-free-wrapper-22090\" class=\"sp-testimonial-free-wrapper\"><div id=\"sp-testimonial-free-22090\" class=\"sp-testimonial-free-section tfree-style-theme-one\" dir=\"ltr\" data-preloader=\"\" data-swiper='{&quot;dots&quot;: 1,&quot;pagination_type&quot;: &quot;dots&quot;, &quot;spaceBetween&quot;: 20, &quot;adaptiveHeight&quot;: false, &quot;pauseOnHover&quot;: true, &quot;slidesToShow&quot;: 1, &quot;speed&quot;: 1650, &quot;arrows&quot;: &quot;1&quot;, &quot;autoplay&quot;: true, &quot;autoplaySpeed&quot;: 5000, &quot;swipe&quot;: true, &quot;swipeToSlide&quot;: false, &quot;draggable&quot;: true, &quot;freeMode&quot;: false, &quot;rtl&quot;: false, &quot;infinite&quot;: true,&quot;slidesPerView&quot;: {&quot;lg_desktop&quot;:1 , &quot;desktop&quot;: 1, &quot;laptop&quot;:1 , &quot;tablet&quot;: 1, &quot;mobile&quot;: 1},&quot;navigation_mobile&quot;: true, &quot;pagination_mobile&quot;:true, &quot;autoplay_mobile&quot;:true}' ><div class=\"swiper-wrapper\"><div class=\"sp-testimonial-item swiper-slide\"><div class=\"sp-testimonial-free\"><div class=\"sp-testimonial-title\"><h3 class=\"sp-testimonial-post-title\">Silvio Gesell<\/h3><\/div><div class=\"sp-testimonial-client-testimonial\"><div class=\"sp-testimonial-content\"><p>\u201eWenn wir unf\u00e4hig bleiben, die Aufgabe, die uns gestellt wurde, zu l\u00f6sen &#8230;, wird die Regierung von links nach rechts und von rechts nach links pendeln. Und jeder Pendelschlag wird die Verwirrung, die Hilf- und Ratlosigkeit vermehren.\u201c<\/p><\/div><\/div><\/div> <\/div> <div class=\"sp-testimonial-item swiper-slide\"><div class=\"sp-testimonial-free\"><div class=\"sp-testimonial-title\"><h3 class=\"sp-testimonial-post-title\">Silvio Gesell<\/h3><\/div><div class=\"sp-testimonial-client-testimonial\"><div class=\"sp-testimonial-content\"><p>\u201eDas Fundament des Zukunftsstaates kann nur die Liebe sein, die aus dem Glauben an Gott erw\u00e4chst, die unendliche Liebe zum Menschen aller Sprachen, aller Staaten, aller Farben\u00a0 &#8211; die gro\u00dfe Liebe, die keinen Sinn hat f\u00fcr Macht, Milit\u00e4r, Gewalt, Z\u00f6lle, Monopole, Monarchie und Parteistandpunkte.\u201c<\/p><\/div><\/div><\/div> <\/div> <div class=\"sp-testimonial-item swiper-slide\"><div class=\"sp-testimonial-free\"><div class=\"sp-testimonial-title\"><h3 class=\"sp-testimonial-post-title\">Silvio Gesell<\/h3><\/div><div class=\"sp-testimonial-client-testimonial\"><div class=\"sp-testimonial-content\"><p>\u201eUnser Boden- und Geldrecht bildet die Grundlage der gesellschaftlichen Ordnung. Auf ihm spielt sich das Leben ab. Es ist der Tr\u00e4ger der Arbeitsteilung, der Industrie, des Verkehrs, des Handels. Es pr\u00e4gt allen gesellschaftlichen Einrichtungen, allen Sitten und Gebr\u00e4uchen, der Ehe, dem Bau der St\u00e4dte, der Architektur, den Mietskasernen, der nationalen und internationalen Politik, der Literatur, der Philosophie, der Religion, dem Streben der Jugend wie des Alters den Stempel auf, und zwar den schmutzigen Stempel der Gewalt, des Hasses, der Rohheit, der Verlogenheit des Klassenstaates. Innerlich wie \u00e4u\u00dferlich sind wir zum Spiegelbild dieses Rechts geworden.\u201c<\/p><\/div><\/div><\/div> <\/div> <div class=\"sp-testimonial-item swiper-slide\"><div class=\"sp-testimonial-free\"><div class=\"sp-testimonial-title\"><h3 class=\"sp-testimonial-post-title\">Silvio Gesell<\/h3><\/div><div class=\"sp-testimonial-client-testimonial\"><div class=\"sp-testimonial-content\"><p>\u201eDie Humanwirtschaft zwingt, bei allen Untersuchungen immer den Globus sich vor Augen zu halten. So wird man von vornherein zur universellen Betrachtung der Dinge gezwungen. Enger Chauvinismus und Patriotismus findet hier keinen Platz mehr.\u201c<\/p><\/div><\/div><\/div> <\/div> <div class=\"sp-testimonial-item swiper-slide\"><div class=\"sp-testimonial-free\"><div class=\"sp-testimonial-title\"><h3 class=\"sp-testimonial-post-title\">Silvio Gesell<\/h3><\/div><div class=\"sp-testimonial-client-testimonial\"><div class=\"sp-testimonial-content\"><p>\u201eReichtum und Armut sind gleichm\u00e4\u00dfig verkehrte Zust\u00e4nde. Sie geh\u00f6ren nicht in einen geordneten Staat. Sie sind mit dem B\u00fcrger- und V\u00f6lkerfrieden unvereinbar. &#8230; Armut ist eine Kette und Reichtum ist eine Kette. Und der Anblick von Ketten muss jedem Freien ein Gr\u00e4uel sein. Wo er sie sieht, muss er sie brechen.\u201c<\/p><\/div><\/div><\/div> <\/div> <div class=\"sp-testimonial-item swiper-slide\"><div class=\"sp-testimonial-free\"><div class=\"sp-testimonial-title\"><h3 class=\"sp-testimonial-post-title\">Silvio Gesell<\/h3><\/div><div class=\"sp-testimonial-client-testimonial\"><div class=\"sp-testimonial-content\"><p>\u201eUnser Geld bedingt den Kapitalismus, den Zins, die Massenarmut, die Revolte und schlie\u00dflich den B\u00fcrgerkrieg, der zur Barbarei zur\u00fcckf\u00fchrt. &#8230; Wer es vorzieht, seinen eigenen Kopf etwas anzustrengen statt fremde K\u00f6pfe einzuschlagen, der studiere das Geldwesen.\u201c<\/p><\/div><\/div><\/div> <\/div> <div class=\"sp-testimonial-item swiper-slide\"><div class=\"sp-testimonial-free\"><div class=\"sp-testimonial-title\"><h3 class=\"sp-testimonial-post-title\">Silvio Gesell<\/h3><\/div><div class=\"sp-testimonial-client-testimonial\"><div class=\"sp-testimonial-content\"><p>\u201eDie ganze Erdkugel, so wie sie da im pr\u00e4chtigen Flug um die Sonne kreist, ist ein Organ eines jeden einzelnen Menschen. D\u00fcrfen wir nun gestatten, dass einzelne Menschen Teile dieser Erde als ausschlie\u00dfliches und ausschlie\u00dfendes Eigentum in Beschlag nehmen? &#8230; Den Schwarzen, den Roten, den Gelben, den Wei\u00dfen\u00a0 &#8211; allen ohne Ausnahme geh\u00f6rt die Erde ungeteilt.\u201c<\/p><\/div><\/div><\/div> <\/div> <div class=\"sp-testimonial-item swiper-slide\"><div class=\"sp-testimonial-free\"><div class=\"sp-testimonial-title\"><h3 class=\"sp-testimonial-post-title\">Silvio Gesell<\/h3><\/div><div class=\"sp-testimonial-client-testimonial\"><div class=\"sp-testimonial-content\"><p>\u201eEs gibt in der Volkswirtschaft keine kleinen Fehler. Der geringste Missgriff zieht unberechenbare Folgen nach sich. Wer von einer irrigen Theorie geleitet seinen Weg fortsetzt, gelangt unfehlbar auch zu irrigen Resultaten.\u201c<\/p><\/div><\/div><\/div> <\/div> <div class=\"sp-testimonial-item swiper-slide\"><div class=\"sp-testimonial-free\"><div class=\"sp-testimonial-title\"><h3 class=\"sp-testimonial-post-title\">Silvio Gesell<\/h3><\/div><div class=\"sp-testimonial-client-testimonial\"><div class=\"sp-testimonial-content\"><p>Wenn wir unf\u00e4hig bleiben, die Aufgabe,die uns gestellt wurde, zu l\u00f6sen,<br \/>wird die Regierung von links nach rechts und von rechts nach links pendeln.<br \/>Und jeder Pendelschlag wird die Verwirrung, die Hilf- und Ratlosigkeit vermehren.<\/p><\/div><\/div><\/div> <\/div> <div class=\"sp-testimonial-item swiper-slide\"><div class=\"sp-testimonial-free\"><div class=\"sp-testimonial-title\"><h3 class=\"sp-testimonial-post-title\">Silvio Gesell<\/h3><\/div><div class=\"sp-testimonial-client-testimonial\"><div class=\"sp-testimonial-content\"><p>\u201cSteht der in G\u00fctergemeinschaft lebende Kommunist am \u00e4u\u00dfersten rechten Fl\u00fcgel, am Ausgangstor der menschlichen Entwicklung, bedeutet darum die kommunistische Forderung den letzten reaktion\u00e4ren Schritt, so muss die\u00a0<strong>Humanwirtschaft als Programm der Aktion, des Fortschrittes des \u00e4u\u00dfersten linken Fl\u00fcgelmannes<\/strong>\u00a0angesprochen werden. Alles was dazwischen liegt, sind nur Entwicklungsstationen.\u201d<\/p><\/div><\/div><\/div> <\/div> <div class=\"sp-testimonial-item swiper-slide\"><div class=\"sp-testimonial-free\"><div class=\"sp-testimonial-title\"><h3 class=\"sp-testimonial-post-title\">Silvio Gesell<\/h3><\/div><div class=\"sp-testimonial-client-testimonial\"><div class=\"sp-testimonial-content\"><p>\u201cDie Humanwirtschaft ist keine neue Ordnung, sie ist nicht k\u00fcnstlich zusammengestellt. Der Entwicklung der Ordnung, die die Arbeitsteilung zum Ausgangspunkt nimmt, sind nur die aus den organischen Fehlern unseres Geldwesens und Bodenrechts entstehenden Hemmungen aus dem Wege ger\u00e4umt worden. Mehr ist nicht geschehen. &#8222;<\/p><\/div><\/div><\/div> <\/div> <div class=\"sp-testimonial-item swiper-slide\"><div class=\"sp-testimonial-free\"><div class=\"sp-testimonial-title\"><h3 class=\"sp-testimonial-post-title\">Silvio Gesell<\/h3><\/div><div class=\"sp-testimonial-client-testimonial\"><div class=\"sp-testimonial-content\"><p>\u2026 <strong>Die Humanwirtschaft,\u00a0<\/strong>die ohne irgendwelche gesetzlichen Ma\u00dfnahmen von selber steht,\u00a0<strong>die den Staat, die Beh\u00f6rden, jede Bevormundung \u00fcberfl\u00fcssig macht<\/strong>\u00a0und die Gesetze der uns gestaltenden nat\u00fcrlichen Evolution achtet, gibt dem strebenden Menschen die Bahn frei zur vollen Entfaltung des \u201c<strong>ICH<\/strong>\u201c, zu der von aller Beherrschtheit durch andere befreiten, sich selbst verantwortlichen Pers\u00f6nlichkeit!\u201d<\/p><\/div><\/div><\/div> <\/div> <div class=\"sp-testimonial-item swiper-slide\"><div class=\"sp-testimonial-free\"><div class=\"sp-testimonial-title\"><h3 class=\"sp-testimonial-post-title\">Silvio Gesell<\/h3><\/div><div class=\"sp-testimonial-client-testimonial\"><div class=\"sp-testimonial-content\"><p>Die Humanwirtschaft ist\u00a0 \u201cDie Entwicklung vom Herdenmenschen, vom Teilmenschen zum selbstst\u00e4ndigen Vollmenschen, zum Individium und Akraten, also zum Menschen der jede Berherrschung durch andere ablehnt. \u2026\u201d<br \/>\u201c\u2026 durch den Hohlweg des Kapitalismus, in dem wir steckenblieben, hinaus ins Freie!\u201d<\/p><\/div><\/div><\/div> <\/div> <\/div><div class=\"swiper-pagination testimonial-pagination\"><\/div><div class=\"swiper-button-prev testimonial-nav-arrow vertical_center\"><i class=\"fa fa-angle-left\"><\/i><\/div><div class=\"swiper-button-next testimonial-nav-arrow vertical_center\"><i class=\"fa fa-angle-right\"><\/i><\/div><\/div><\/div>\n\n\n\n<div class=\"wp-block-columns is-layout-flex wp-container-core-columns-is-layout-9d6595d7 wp-block-columns-is-layout-flex\">\n<div class=\"wp-block-column is-layout-flow wp-block-column-is-layout-flow\"><\/div>\n\n\n\n<div class=\"wp-block-column is-layout-flow wp-block-column-is-layout-flow\"><\/div>\n<\/div>\n\n\n\n<p><\/p>\n","protected":false},"excerpt":{"rendered":"<p>Auf der Netzseite der HUMANwirtschaftspartei in den n\u00f6rdlichen Bundesl\u00e4ndern.<\/p>\n","protected":false},"author":5,"featured_media":0,"parent":0,"menu_order":0,"comment_status":"closed","ping_status":"closed","template":"","meta":{"rop_custom_images_group":[],"rop_custom_messages_group":[],"rop_publish_now":"initial","rop_publish_now_accounts":{"facebook_122115628364863413_100366425223093":""},"rop_publish_now_history":[],"rop_publish_now_status":"pending","footnotes":""},"class_list":["post-25","page","type-page","status-publish","hentry"],"_links":{"self":[{"href":"https:\/\/nord.humanwirtschaftspartei.de\/index.php?rest_route=\/wp\/v2\/pages\/25","targetHints":{"allow":["GET"]}}],"collection":[{"href":"https:\/\/nord.humanwirtschaftspartei.de\/index.php?rest_route=\/wp\/v2\/pages"}],"about":[{"href":"https:\/\/nord.humanwirtschaftspartei.de\/index.php?rest_route=\/wp\/v2\/types\/page"}],"author":[{"embeddable":true,"href":"https:\/\/nord.humanwirtschaftspartei.de\/index.php?rest_route=\/wp\/v2\/users\/5"}],"replies":[{"embeddable":true,"href":"https:\/\/nord.humanwirtschaftspartei.de\/index.php?rest_route=%2Fwp%2Fv2%2Fcomments&post=25"}],"version-history":[{"count":51,"href":"https:\/\/nord.humanwirtschaftspartei.de\/index.php?rest_route=\/wp\/v2\/pages\/25\/revisions"}],"predecessor-version":[{"id":22255,"href":"https:\/\/nord.humanwirtschaftspartei.de\/index.php?rest_route=\/wp\/v2\/pages\/25\/revisions\/22255"}],"wp:attachment":[{"href":"https:\/\/nord.humanwirtschaftspartei.de\/index.php?rest_route=%2Fwp%2Fv2%2Fmedia&parent=25"}],"curies":[{"name":"wp","href":"https:\/\/api.w.org\/{rel}","templated":true}]}}